{"id":3542,"date":"2018-04-09T15:22:13","date_gmt":"2018-04-09T20:22:13","guid":{"rendered":"http:\/\/www.descolonizacion.org\/pt-br\/?page_id=3542"},"modified":"2018-04-09T15:22:13","modified_gmt":"2018-04-09T20:22:13","slug":"deuses-vindos-ceu","status":"publish","type":"page","link":"https:\/\/www.descolonizacion.org\/pt-br\/deuses-vindos-ceu\/","title":{"rendered":"Deuses vindos do c\u00e9u"},"content":{"rendered":"<h2>Rela\u00e7\u00f5es privilegiadas com deuses vindos do c\u00e9u<\/h2>\n<ul>\n<ul>\n<li>\n<p><h5>Deuses vindos do c\u00e9u<\/h5>\n<p>Este continente, e em particular as regi\u00f5es andinas e da atual \u00abAm\u00e9rica Central\u00bb mantiveram rela\u00e7\u00f5es privilegiadas com os \u00abdeuses\u00bb. Rael confirmou que os Elohim tiveram bases no Peru, Brasil\u2026 <!--more--><\/li>\n<\/ul>\n<\/ul>\n<p>&nbsp;<\/p>\n<ul>\n<ul>\n<li>\n<p><h5>Deuses muito humanos<\/h5>\n<p><img decoding=\"async\" class=\"alignleft\" src=\"http:\/\/www.descolonizacion.org\/wp-content\/uploads\/2016\/09\/Dieux-venus-du-ciel-gods-from-sky-dios-del-cielo-palenque.jpg\" alt=\"Dieux-venus-du-ciel-gods-from-sky-dios-del-cielo\" \/>Os restos arquitet\u00f3nicos e outros que chegaram at\u00e9 n\u00f3s, apesar da destrui\u00e7\u00e3o sistem\u00e1tica por parte dos colonizadores dos textos e artefactos que encontravam \u2013 para n\u00e3o falar dos templos e pir\u00e2mides, incluindo as do M\u00e9xico, Tenochtitl\u00e1n e Tlatelolco \u2013 seja por gan\u00e2ncia (fundindo os objetos confecionados com metais preciosos), seja pela vontade de erradica\u00e7\u00e3o das culturas locais, cont\u00eam, apesar do n\u00famero reduzido que foram resgatados, bastantes elementos ilustrativos de deuses com apar\u00eancias e comportamentos muito humanos, das suas tecnologias e maquinarias, as suas uni\u00f5es carnais, o seu \u00e2nimo em frequentar esta parte do mundo particularmente favorecida pelo clima, a natureza e os povos que estimavam.<\/p>\n<p>Foi, por sinal, esta semelhan\u00e7a entre os \u201cdeuses\u201d e os humanos que induziu em erro os aut\u00f3ctones aquando da chegada dos espanh\u00f3is. \u00c9 porque as suas tradi\u00e7\u00f5es mencionavam deuses muito humanos que os \u201cmuito humanos\u201d conquistadores chegaram a parecer-se com eles, e ainda que fosse superficialmente, foi suficiente para confundir estes \u201cing\u00e9nuos selvagens\u201d.<\/li>\n<\/ul>\n<\/ul>\n<p>&nbsp;<\/p>\n<ul>\n<ul>\n<li>\n<p><h5>Conquistadores com apar\u00eancia de deuses<\/h5>\n<p><img decoding=\"async\" class=\"alignright\" src=\"http:\/\/www.descolonizacion.org\/wp-content\/uploads\/2016\/09\/conquistador-statue-218091_1280.jpg\" alt=\"conquistador-statue\" \/><br \/>\nDe certa forma os povos ind\u00edgenas se deixaram conquistar porque mantiveram uma d\u00favida quanto \u00e0 aut\u00eantica natureza dos rec\u00e9m-chegados pelos mares. Isto emana de uma forma de especula\u00e7\u00e3o, mas dificilmente poder\u00edamos rejeitar esta ideia se se consideram as premissas: por um lado, nunca conheceremos o estado de esp\u00edrito, a religi\u00e3o real, a presen\u00e7a no imagin\u00e1rio dos \u201cdeuses\u201d, j\u00e1 que se \u00e9 imposs\u00edvel realmente conhecer estas coisas nos povos para os quais dispomos de material histogr\u00e1fico coerente \u2013 os gregos, por exemplo \u2013 imaginem como seria no caso dos povos pr\u00e9-colombianos! Como se sup\u00f5e que consigamos quando a mem\u00f3ria foi em t\u00e3o grande parte apagada?<\/li>\n<\/ul>\n<\/ul>\n<p>&nbsp;<\/p>\n<ul>\n<ul>\n<li>\n<p>Tocqueville disse que depois de que os da sua gera\u00e7\u00e3o falecessem, n\u00e3o ficaria ningu\u00e9m que soubesse o que era o esp\u00edrito do antigo regime. Como conseguir\u00edamos ent\u00e3o saber o que era o esp\u00edrito dos aut\u00f3ctones \u00e0 chegada dos espanh\u00f3is?<\/li>\n<\/ul>\n<\/ul>\n<p>&nbsp;<\/p>\n<ul>\n<ul>\n<li>\n<p>DPor outro lado, ainda que se por um milagre historiogr\u00e1fico consegu\u00edssemos sentir exatamente o que sentiam os povos pr\u00e9-colombianos, seguramente que as refer\u00eancias aos deuses seriam catalogadas como emanando do m\u00edtico, mitol\u00f3gico, m\u00edstico, simb\u00f3lico, constru\u00e7\u00f5es do inconsciente e restantes categorias das ci\u00eancias sociais \u2013 que afastam por princ\u00edpio a ideia de que uma civiliza\u00e7\u00e3o extraterrestre tivesse visitado a Terra e que por conseguinte que isso constitu\u00edsse a inspira\u00e7\u00e3o genu\u00edna daqueles relatos em lugar da pura imagina\u00e7\u00e3o \u2013 tal como os relatos criacionistas que foram todos reduzidos a meras cria\u00e7\u00f5es da psique humana.<\/p>\n<p>\u00c9 bem prov\u00e1vel que a conquista tenha sido relativamente f\u00e1cil, em primeiro lugar, por causa desta confus\u00e3o.<\/p>\n<p><img decoding=\"async\" src=\"http:\/\/www.descolonizacion.org\/wp-content\/uploads\/2016\/09\/inca-stone-43358_1920.jpg\" alt=\"inca stones pierres inca piedras inca\" class=\"alignleft\"\/>Em qualquer caso, este facto n\u00e3o \u00e9 necess\u00e1rio \u00e0 valoriza\u00e7\u00e3o das ricas tradi\u00e7\u00f5es que sugerem que <strong>Viracocha, Quetzalc\u00f3atl, Kukulc\u00e1n<\/strong>, e muitos mais eram (seriam) n\u00e3o deuses com poderes sobrenaturais, mas seres humanos oriundos de outro planeta, com poderes que o conhecimento cient\u00edfico de que dispomos hoje em dia pode reduzir \u00e0 ordem do racional.<\/p>\n<p>E o que diriam de <strong>Teotihuacan<\/strong>, <strong>Tiauanaco<\/strong> e outras cidades, templos e pir\u00e2mides constru\u00eddos com uma destreza que chega a superar as nossas habilidades t\u00e9cnicas mais avan\u00e7adas?<\/li>\n<\/ul>\n<\/ul>\n<p>&nbsp;<\/p>\n<p>&nbsp;<\/p>\n<ul>\n<ul>\n<li>\n<p><h5>Viracocha, Quetzalc\u00f3atl, Kukulc\u00e1n e o G\u00e9nesis<\/h5>\n<p><img decoding=\"async\" class=\"alignright\" src=\"http:\/\/www.descolonizacion.org\/wp-content\/uploads\/2016\/09\/mexico-puebla-mural-ethnic-aztec-1289099.jpg\" alt=\"mexico-mural-ethnic-aztec\" \/><a href=\"http:\/\/fr.rael.org\/download.php?view.8\" target=\"_blank\">A mensagem que foi transmitida a Rael por Jav\u00e9, se se inspira no G\u00e9nesis, poderia ter-se fundamentado em base noutro relato, j\u00e1 que se conhecem pelo mundo alguns mais precisos e muito provavelmente os haveria tamb\u00e9m neste continente<\/p>\n<p>A tradi\u00e7\u00e3o judeo-crist\u00e3-mu\u00e7ulmana se imp\u00f4s em tamanhas propor\u00e7\u00f5es no planeta que como resultado disso, a hist\u00f3ria de <strong>Ad\u00e3o e Eva<\/strong> \u00e9 conhecida por todos, raz\u00e3o pela qual convinha que a explica\u00e7\u00e3o da nossa cria\u00e7\u00e3o cient\u00edfica se apoiasse sobre a mais acess\u00edvel e familiar das hist\u00f3rias.<\/p>\n<p>No entanto, nada impede que algumas ilustra\u00e7\u00f5es desta cria\u00e7\u00e3o \u00e0 luz dos relatos criacionistas pr\u00f3prios \u00e0s culturas deste continente n\u00e3o venham a confrontar a Mensagem Raeliana.<\/p>\n<p>Em qualquer caso, os povos que conservaram um la\u00e7o com a sua cultura pr\u00e9-colombiana s\u00e3o particularmente recetivos \u00e0 ideia de que o deus crist\u00e3o de barba branca n\u00e3o \u00e9 o melhor ou priorit\u00e1rio sobre os deuses que eram os seus.<\/p>\n<p>Todos estes deuses faziam parte de uma mesma equipa de Criadores. Chegou a hora de desvendar ao mundo a sua verdadeira identidade!<\/li>\n<\/ul>\n<\/ul>\n<p>&nbsp;<\/p>\n","protected":false},"excerpt":{"rendered":"<p>Rela\u00e7\u00f5es privilegiadas com deuses vindos do c\u00e9u Deuses vindos do c\u00e9u Este continente, e em particular as regi\u00f5es andinas e da atual \u00abAm\u00e9rica Central\u00bb mantiveram [&hellip;]<\/p>\n","protected":false},"author":1,"featured_media":0,"parent":0,"menu_order":0,"comment_status":"closed","ping_status":"closed","template":"","meta":{"footnotes":""},"class_list":["post-3542","page","type-page","status-publish","hentry"],"meta_box":{"imic_strict_no_header":"","imic_page_topbar_show":"","imic_page_specific_header":"","imic_page_logo_image":[],"imic_page_retina_logo_image":[],"imic_page_retina_logo_image_width":"","imic_page_retina_logo_image_height":"","imic_page_layout":"","imic_content_width":"","imic_content_padding_top":"","imic_content_padding_bottom":"","imic_pages_body_bg_color":"","imic_pages_body_bg_image":[],"imic_pages_body_bg_wide":"","imic_pages_body_bg_repeat":"","imic_pages_content_bg_color":"","imic_pages_content_bg_image":[],"imic_pages_content_bg_wide":"","imic_pages_content_bg_repeat":"","imic_page_header_show":"","imic_pages_Choose_slider_display":"0","imic_header_image":[{"width":150,"height":150,"file":"2016\/10\/Menu-Acerca.jpg","filesize":78365,"sizes":{"woocommerce_thumbnail":{"file":"Menu-Acerca-300x150.jpg","width":300,"height":150,"mime-type":"image\/jpeg","filesize":15611,"uncropped":false,"url":"https:\/\/www.descolonizacion.org\/wp-content\/uploads\/2016\/10\/Menu-Acerca-300x150.jpg"},"woocommerce_gallery_thumbnail":{"file":"Menu-Acerca-100x100.jpg","width":100,"height":100,"mime-type":"image\/jpeg","filesize":3486,"url":"https:\/\/www.descolonizacion.org\/wp-content\/uploads\/2016\/10\/Menu-Acerca-100x100.jpg"},"woocommerce_single":{"file":"Menu-Acerca-600x82.jpg","width":600,"height":82,"mime-type":"image\/jpeg","filesize":16182,"url":"https:\/\/www.descolonizacion.org\/wp-content\/uploads\/2016\/10\/Menu-Acerca-600x82.jpg"},"thumbnail":{"file":"Menu-Acerca-150x150.jpg","width":150,"height":150,"mime-type":"image\/jpeg","url":"https:\/\/www.descolonizacion.org\/wp-content\/uploads\/2016\/10\/Menu-Acerca-150x150.jpg"},"medium":{"file":"Menu-Acerca-300x41.jpg","width":300,"height":41,"mime-type":"image\/jpeg","url":"https:\/\/www.descolonizacion.org\/wp-content\/uploads\/2016\/10\/Menu-Acerca-300x41.jpg"},"medium_large":{"file":"Menu-Acerca-768x105.jpg","width":768,"height":105,"mime-type":"image\/jpeg","url":"https:\/\/www.descolonizacion.org\/wp-content\/uploads\/2016\/10\/Menu-Acerca-768x105.jpg"},"large":{"file":"Menu-Acerca-1024x140.jpg","width":1024,"height":140,"mime-type":"image\/jpeg","url":"https:\/\/www.descolonizacion.org\/wp-content\/uploads\/2016\/10\/Menu-Acerca-1024x140.jpg"},"post-thumbnail":{"file":"Menu-Acerca-958x131.jpg","width":958,"height":131,"mime-type":"image\/jpeg","url":"https:\/\/www.descolonizacion.org\/wp-content\/uploads\/2016\/10\/Menu-Acerca-958x131.jpg"},"600x400":{"file":"Menu-Acerca-600x150.jpg","width":600,"height":150,"mime-type":"image\/jpeg","url":"https:\/\/www.descolonizacion.org\/wp-content\/uploads\/2016\/10\/Menu-Acerca-600x150.jpg"},"1000x800":{"file":"Menu-Acerca-1000x150.jpg","width":1000,"height":150,"mime-type":"image\/jpeg","url":"https:\/\/www.descolonizacion.org\/wp-content\/uploads\/2016\/10\/Menu-Acerca-1000x150.jpg"},"sow-carousel-default":{"file":"Menu-Acerca-272x150.jpg","width":272,"height":150,"mime-type":"image\/jpeg","url":"https:\/\/www.descolonizacion.org\/wp-content\/uploads\/2016\/10\/Menu-Acerca-272x150.jpg"}},"image_meta":{"aperture":"0","credit":"","camera":"","caption":"","created_timestamp":"0","copyright":"","focal_length":"0","iso":"0","shutter_speed":"0","title":"","orientation":"0","keywords":[]},"ID":"2828","name":"Menu-Acerca.jpg","path":"\/home2\/descolinizacion\/public_html\/wp-content\/uploads\/2016\/10\/Menu-Acerca.jpg","url":"https:\/\/www.descolonizacion.org\/wp-content\/uploads\/2016\/10\/Menu-Acerca-150x150.jpg","full_url":"https:\/\/www.descolonizacion.org\/wp-content\/uploads\/2016\/10\/Menu-Acerca.jpg","title":"menu-acerca","caption":"","description":"","alt":"","srcset":"https:\/\/www.descolonizacion.org\/wp-content\/uploads\/2016\/10\/Menu-Acerca-150x150.jpg 150w, https:\/\/www.descolonizacion.org\/wp-content\/uploads\/2016\/10\/Menu-Acerca-100x100.jpg 100w"}],"imic_pages_select_revolution_from_list":"[rev_slider alias=\\\"home-french\\\"]","imic_pages_select_smart_from_list":"","imic_pages_slider_height":"","imic_pages_slider_image":[],"imic_pages_slider_auto_slide":"yes","imic_pages_slider_speed":"","imic_pages_slider_pagination":"yes","imic_pages_slider_direction_arrows":"yes","imic_pages_slider_effects":"fade","imic_pages_banner_color":"","imic_pages_breadcrumb_show":"","imic_pages_title_show":"","imic_pages_banner_bg_color":"","imic_post_page_custom_title":"","imic_pages_banner_text_color":"","imic_pages_title_alignment":"","imic_page_social_share":"","imic_select_sidebar_from_list":"","imic_select_sidebar_position":"","imic_contact_email":"lolohim@gmail.com","imic_contact_subject":"","imic_our_location_text":"","imic_contact_map_display":"no","imic_contact_map_box_code":"","imic_Choose_slider_display":"0","imic_select_smart_from_list":"","imic_select_revolution_from_list":"[rev_slider alias=\\\"home-french\\\"]","imic_slider_image":[],"imic_slider_auto_slide":"yes","imic_slider_speed":"","imic_slider_pagination":"yes","imic_slider_direction_arrows":"yes","imic_slider_effects":"fade","imic_switch_categories_post":"1","imic_category_to_show_on_home":["59"],"imic_number_of_post_cat":[],"imic_upcoming_area":"1","imic_latest_sermon_events_to_show_on":"letest_event","imic_custom_text_message":"","imic_advanced_event_taxonomy":[],"imic_going_on_events":"1","imic_custom_going_on_events_title":"","imic_advanced_sermons_category":[],"imic_all_event_sermon_url":"","imic_imic_featured_blocks":"1","imic_home_featured_blocks":"","imic_home_row_featured_blocks":[],"imic_home_featured_blocks1":"","imic_home_featured_blocks2":"","imic_home_featured_blocks3":"","imic_imic_upcoming_events":"1","imic_upcoming_event_taxonomy":[],"imic_custom_upcoming_events_title":"","imic_events_to_show_on":"","imic_imic_recent_posts":"1","imic_recent_post_taxonomy":[],"imic_custom_latest_news_title":"","imic_posts_to_show_on":"","imic_recent_posts_rmbutton":"2","imic_recent_posts_rmbutton_text":"","imic_imic_galleries":"1","imic_home_gallery_taxonomy":[],"imic_custom_gallery_title":"","imic_custom_more_galleries_title":"","imic_custom_more_galleries_url":"","imic_galleries_to_show_on":"","imic_galleries_background_image":[],"imic_switch_sermon_album":"1","imic_custom_albums_title":"","imic_number_of_sermon_albums":"","imic_sermon_albums_url":"","imic_gallery_pagination_to_show_on":"","imic_gallery_pagination_columns_layout":"","imic_show_gallery_title":"0","imic_gallery_masonry_to_show_on":"","imic_show_gallery_title_masonry":"0","imic_gallery_filter_columns_layout":"","imic_show_gallery_title_filter":"0","imic_advanced_gallery_taxonomy":[],"imic_advanced_event_list_taxonomy":[],"imic_advanced_post_taxonomy":[],"imic_advanced_blog_taxonomy":[],"imic_staff_to_show_on":"","imic_staff_grid_column":"","imic_advanced_staff_taxonomy":[],"imic_staff_select_orderby":"ID","imic_staff_select_order":"","imic_staff_excerpt_length":"","imic_events_timeline_view":"","imic_event_timeline_per_page":"","imic_blog_masonry_thumbnails":"0","imic_albums_select_orderby":"count","imic_albums_select_order":"ASC","imic_sermon_categories_custom_order":[]},"_links":{"self":[{"href":"https:\/\/www.descolonizacion.org\/pt-br\/wp-json\/wp\/v2\/pages\/3542","targetHints":{"allow":["GET"]}}],"collection":[{"href":"https:\/\/www.descolonizacion.org\/pt-br\/wp-json\/wp\/v2\/pages"}],"about":[{"href":"https:\/\/www.descolonizacion.org\/pt-br\/wp-json\/wp\/v2\/types\/page"}],"author":[{"embeddable":true,"href":"https:\/\/www.descolonizacion.org\/pt-br\/wp-json\/wp\/v2\/users\/1"}],"replies":[{"embeddable":true,"href":"https:\/\/www.descolonizacion.org\/pt-br\/wp-json\/wp\/v2\/comments?post=3542"}],"version-history":[{"count":1,"href":"https:\/\/www.descolonizacion.org\/pt-br\/wp-json\/wp\/v2\/pages\/3542\/revisions"}],"predecessor-version":[{"id":3543,"href":"https:\/\/www.descolonizacion.org\/pt-br\/wp-json\/wp\/v2\/pages\/3542\/revisions\/3543"}],"wp:attachment":[{"href":"https:\/\/www.descolonizacion.org\/pt-br\/wp-json\/wp\/v2\/media?parent=3542"}],"curies":[{"name":"wp","href":"https:\/\/api.w.org\/{rel}","templated":true}]}}