{"id":3443,"date":"2017-10-11T13:21:47","date_gmt":"2017-10-11T18:21:47","guid":{"rendered":"http:\/\/www.descolonizacion.org\/pt-br\/?page_id=3443"},"modified":"2018-04-09T15:27:57","modified_gmt":"2018-04-09T20:27:57","slug":"apoyo-la-independencia-de-cataluna","status":"publish","type":"page","link":"https:\/\/www.descolonizacion.org\/pt-br\/apoyo-la-independencia-de-cataluna\/","title":{"rendered":"APOIO \u00c0 INDEPEND\u00caNCIA DA CATALUNHA"},"content":{"rendered":"<ul>\n<h2 ><strong> APOIO \u00c0 INDEPEND\u00caNCIA DA CATALUNHA<\/strong><\/h2>\n<p><\/p>\n<h3>Apoiamos a independ\u00eancia pac\u00edfica da Catalunha em nome do futuro da humanidade. <\/h3>\n<\/ul>\n<p>&nbsp;<\/p>\n<ul>\n<li><img decoding=\"async\" src=\"http:\/\/www.descolonizacion.org\/wp-content\/uploads\/2017\/10\/Andr\u00e9s-Barcelona-ret-1.jpg\" alt=\"\" class=\"alignright\"\/><br \/>\nN\u00e3o se trata aqui simplesmente da reivindica\u00e7\u00e3o de uma regi\u00e3o de Espanha, mas de um ato que vai mais para al\u00e9m deste continente: trata-se de uma proposta de um mundo unificado.<\/p>\n<p>\u00c0queles que diriam que a independ\u00eancia separa, isola, p\u00f5e de lado, n\u00f3s lhes retorquimos que \u00e9 a falsa uni\u00e3o que separa os povos da Terra uma vez que aqueles que continuam \u201cunidos\u201d em estados resultantes das viol\u00eancias da hist\u00f3ria e que, por conseguinte, carregam neles o peso de s\u00e9culos e mil\u00e9nios de domina\u00e7\u00f5es abusivas. <!--more--><\/li>\n<p>&nbsp;<\/p>\n<blockquote>\n<li>\n<h3><strong>O mundo de amanh\u00e3 dever\u00e1 ser unido, ou n\u00e3o o ser\u00e1.<\/strong><\/h3>\n<\/blockquote>\n<li>O mundo de amanh\u00e3 dever\u00e1 ser unido, ou n\u00e3o o ser\u00e1, e esta unidade n\u00e3o \u00e9 a das grandes na\u00e7\u00f5es estados que t\u00eam prevalecido at\u00e9 agora, mas a de povos com dimens\u00f5es humanas, de \u201ccidades estado\u201d inspiradas num modelo grego modernizado, nas cidades estado do norte da It\u00e1lia em certa \u00e9poca, ou quais sejam os modelos que conseguiram reunir as aspira\u00e7\u00f5es coletivas e individuais ao fluxo da excel\u00eancia civilizadora.<br \/>&nbsp;\n<p>N\u00e3o se trata, no entanto, de procurar estupidamente a aglomera\u00e7\u00e3o com \u201cos seus\u201d \u2013 n\u00f3s repudiamos este nacionalismo a que chamar\u00edamos de fechado e obscuro ao inv\u00e9s do nacionalismo aberto ou universalista, o que n\u00e3o constitui de forma alguma um oximoro \u2013 mas de querer estar na humanidade, l\u00facidos de que esta deve (at\u00e9 um hipot\u00e9tico e long\u00ednquo futuro de plena unifica\u00e7\u00e3o civilizacional, e n\u00e3o estamos a falar da degradante \u201cciviliza\u00e7\u00e3o\u201d mercantilista que tende a impor o seu manto sobre a face da Terra) organizar-se em unidades, ou \u00f3rg\u00e3os correspondentes a realidades culturais, geogr\u00e1ficas, hist\u00f3ricas, lingu\u00edsticas ou quais sejam os demais crit\u00e9rios de identifica\u00e7\u00e3o ao que normalmente se chama uma na\u00e7\u00e3o.<\/p>\n<p>Chamamos tamb\u00e9m a aten\u00e7\u00e3o sobre um fen\u00f3meno, de uso delicado, cujas consequ\u00eancias poderiam ser funestas, no caso catal\u00e3o como noutros pelo mundo: o direito de aqueles que v\u00eam num pa\u00eds para melhorar as suas exist\u00eancias, o que constitui um ato natural a que todo o ser humano deve ter a possibilidade de aceder (o \u201cdireito de deslocamento volunt\u00e1rio\u201d deveria se integrar aos direitos humanos fundamentais), se dessolidarizem deste quando vier a hora da sua emancipa\u00e7\u00e3o. <\/p>\n<p>Entende-se que, por raz\u00f5es de filia\u00e7\u00e3o e praticidade, os emigrantes em Espanha radicados na Catalunha se inclinem menos que os demais para este passo valente na dire\u00e7\u00e3o de um futuro fora do Reino espanhol, mas se entender\u00e1 ent\u00e3o que a desconfian\u00e7a e ressentimentos se gerem por parte daqueles que se veriam frustrados nas suas aspira\u00e7\u00f5es justas por povoa\u00e7\u00f5es oriundas do resto da pen\u00ednsula. Este fen\u00f3meno de desloca\u00e7\u00e3o da vontade nacional comporta o risco de levar os povos a fechar-se e rejeitar em excesso os que com um leg\u00edtimo direito a\u00ed chegam. <\/p>\n<p>A gratid\u00e3o deveria sempre prevalecer de parte de quem melhorou as suas vidas, e neste caso a gratid\u00e3o deveria expressar-se por parte destes catal\u00e3es novos com o apoio, ou a neutralidade, \u00e0 vontade do povo catal\u00e3o que v\u00eam no fortalecimento dos deus preceitos \u2013 o que requer uma maior autonomia e finalmente o que se chama independ\u00eancia, mas que preferimos chamar \u201cemancipa\u00e7\u00e3o\u201d \u2013 a f\u00f3rmula para constituir uma comunidade \u00e0 altura das suas aspira\u00e7\u00f5es coletivas.<\/p>\n<p>Apesar das condi\u00e7\u00f5es contr\u00e1rias que surgiram de dentro e de fora, esperemos que na margem do Mediterr\u00e2neo renas\u00e7a um modelo de organiza\u00e7\u00e3o pol\u00edtica brilhante e \u00e0 escala humana que inspire os demais povos da Europa e do mundo e que os leve a uma paz perp\u00e9tua sob uma s\u00f3lida e inspirada Sociedade das Na\u00e7\u00f5es (que suceda a atual farsa que \u00e9 a ONU).<\/li>\n<p>&nbsp;<\/p>\n<div style=\"width: 640px;\" class=\"wp-video\"><video class=\"wp-video-shortcode\" id=\"video-3443-1\" width=\"640\" height=\"360\" preload=\"metadata\" controls=\"controls\"><source type=\"video\/mp4\" src=\"http:\/\/www.descolonizacion.org\/wp-content\/uploads\/2017\/10\/VID-20170922-WA0058.mp4?_=1\" \/><a href=\"http:\/\/www.descolonizacion.org\/wp-content\/uploads\/2017\/10\/VID-20170922-WA0058.mp4\">http:\/\/www.descolonizacion.org\/wp-content\/uploads\/2017\/10\/VID-20170922-WA0058.mp4<\/a><\/video><\/div>\n<p>&nbsp;<\/p>\n<ul>\n<ul>\n<blockquote>\n<h6>\n<li><strong>Puedes contactarnos<\/strong>: <a href=\"mailto:info@descolonizacion.org\"> <em><strong>info@descolonizacion.org<\/strong><\/em> <\/a><br \/>&nbsp;<br \/><\/blockquote>\n<\/ul>\n<\/ul>\n<\/li>\n<\/ul>\n","protected":false},"excerpt":{"rendered":"<p>APOIO \u00c0 INDEPEND\u00caNCIA DA CATALUNHA Apoiamos a independ\u00eancia pac\u00edfica da Catalunha em nome do futuro da humanidade. &nbsp; N\u00e3o se trata aqui simplesmente da reivindica\u00e7\u00e3o [&hellip;]<\/p>\n","protected":false},"author":1,"featured_media":3434,"parent":0,"menu_order":0,"comment_status":"closed","ping_status":"closed","template":"","meta":{"footnotes":""},"class_list":["post-3443","page","type-page","status-publish","has-post-thumbnail","hentry"],"meta_box":{"imic_strict_no_header":"","imic_page_topbar_show":"","imic_page_specific_header":"","imic_page_logo_image":[],"imic_page_retina_logo_image":[],"imic_page_retina_logo_image_width":"","imic_page_retina_logo_image_height":"","imic_page_layout":"","imic_content_width":"","imic_content_padding_top":"","imic_content_padding_bottom":"","imic_pages_body_bg_color":"","imic_pages_body_bg_image":[],"imic_pages_body_bg_wide":"","imic_pages_body_bg_repeat":"","imic_pages_content_bg_color":"","imic_pages_content_bg_image":[],"imic_pages_content_bg_wide":"","imic_pages_content_bg_repeat":"","imic_page_header_show":"","imic_pages_Choose_slider_display":"0","imic_header_image":[{"width":150,"height":150,"file":"2017\/09\/AC\u0327O\u0303ES.jpg","filesize":78509,"sizes":{"woocommerce_thumbnail":{"file":"AC\u0327O\u0303ES-300x150.jpg","width":300,"height":150,"mime-type":"image\/jpeg","filesize":15771,"uncropped":false,"url":"https:\/\/www.descolonizacion.org\/wp-content\/uploads\/2017\/09\/AC\u0327O\u0303ES-300x150.jpg"},"woocommerce_gallery_thumbnail":{"file":"AC\u0327O\u0303ES-100x100.jpg","width":100,"height":100,"mime-type":"image\/jpeg","filesize":3484,"url":"https:\/\/www.descolonizacion.org\/wp-content\/uploads\/2017\/09\/AC\u0327O\u0303ES-100x100.jpg"},"woocommerce_single":{"file":"AC\u0327O\u0303ES-600x82.jpg","width":600,"height":82,"mime-type":"image\/jpeg","filesize":16123,"url":"https:\/\/www.descolonizacion.org\/wp-content\/uploads\/2017\/09\/AC\u0327O\u0303ES-600x82.jpg"},"thumbnail":{"file":"AC\u0327O\u0303ES-150x150.jpg","width":150,"height":150,"mime-type":"image\/jpeg","url":"https:\/\/www.descolonizacion.org\/wp-content\/uploads\/2017\/09\/AC\u0327O\u0303ES-150x150.jpg"},"medium":{"file":"AC\u0327O\u0303ES-300x41.jpg","width":300,"height":41,"mime-type":"image\/jpeg","url":"https:\/\/www.descolonizacion.org\/wp-content\/uploads\/2017\/09\/AC\u0327O\u0303ES-300x41.jpg"},"medium_large":{"file":"AC\u0327O\u0303ES-768x105.jpg","width":768,"height":105,"mime-type":"image\/jpeg","url":"https:\/\/www.descolonizacion.org\/wp-content\/uploads\/2017\/09\/AC\u0327O\u0303ES-768x105.jpg"},"large":{"file":"AC\u0327O\u0303ES-1024x140.jpg","width":1024,"height":140,"mime-type":"image\/jpeg","url":"https:\/\/www.descolonizacion.org\/wp-content\/uploads\/2017\/09\/AC\u0327O\u0303ES-1024x140.jpg"},"post-thumbnail":{"file":"AC\u0327O\u0303ES-958x131.jpg","width":958,"height":131,"mime-type":"image\/jpeg","url":"https:\/\/www.descolonizacion.org\/wp-content\/uploads\/2017\/09\/AC\u0327O\u0303ES-958x131.jpg"},"600x400":{"file":"AC\u0327O\u0303ES-600x150.jpg","width":600,"height":150,"mime-type":"image\/jpeg","url":"https:\/\/www.descolonizacion.org\/wp-content\/uploads\/2017\/09\/AC\u0327O\u0303ES-600x150.jpg"},"1000x800":{"file":"AC\u0327O\u0303ES-1000x150.jpg","width":1000,"height":150,"mime-type":"image\/jpeg","url":"https:\/\/www.descolonizacion.org\/wp-content\/uploads\/2017\/09\/AC\u0327O\u0303ES-1000x150.jpg"},"sow-carousel-default":{"file":"AC\u0327O\u0303ES-272x150.jpg","width":272,"height":150,"mime-type":"image\/jpeg","url":"https:\/\/www.descolonizacion.org\/wp-content\/uploads\/2017\/09\/AC\u0327O\u0303ES-272x150.jpg"}},"image_meta":{"aperture":"0","credit":"","camera":"","caption":"","created_timestamp":"0","copyright":"","focal_length":"0","iso":"0","shutter_speed":"0","title":"","orientation":"0","keywords":[]},"ID":"3419","name":"AC\u0327O\u0303ES.jpg","path":"\/home2\/descolinizacion\/public_html\/wp-content\/uploads\/2017\/09\/AC\u0327O\u0303ES.jpg","url":"https:\/\/www.descolonizacion.org\/wp-content\/uploads\/2017\/09\/AC\u0327O\u0303ES-150x150.jpg","full_url":"https:\/\/www.descolonizacion.org\/wp-content\/uploads\/2017\/09\/AC\u0327O\u0303ES.jpg","title":"AC\u0327O\u0303ES","caption":"","description":"","alt":"","srcset":"https:\/\/www.descolonizacion.org\/wp-content\/uploads\/2017\/09\/AC\u0327O\u0303ES-150x150.jpg 150w, https:\/\/www.descolonizacion.org\/wp-content\/uploads\/2017\/09\/AC\u0327O\u0303ES-100x100.jpg 100w"}],"imic_pages_select_revolution_from_list":"[rev_slider alias=\\\"home-french\\\"]","imic_pages_select_smart_from_list":"","imic_pages_slider_height":"","imic_pages_slider_image":[],"imic_pages_slider_auto_slide":"yes","imic_pages_slider_speed":"","imic_pages_slider_pagination":"yes","imic_pages_slider_direction_arrows":"yes","imic_pages_slider_effects":"fade","imic_pages_banner_color":"","imic_pages_breadcrumb_show":"","imic_pages_title_show":"","imic_pages_banner_bg_color":"","imic_post_page_custom_title":"","imic_pages_banner_text_color":"","imic_pages_title_alignment":"","imic_page_social_share":"","imic_select_sidebar_from_list":"","imic_select_sidebar_position":"","imic_contact_email":"lolohim@gmail.com","imic_contact_subject":"","imic_our_location_text":"","imic_contact_map_display":"no","imic_contact_map_box_code":"","imic_Choose_slider_display":"0","imic_select_smart_from_list":"","imic_select_revolution_from_list":"[rev_slider alias=\\\"home-french\\\"]","imic_slider_image":[],"imic_slider_auto_slide":"yes","imic_slider_speed":"","imic_slider_pagination":"yes","imic_slider_direction_arrows":"yes","imic_slider_effects":"fade","imic_switch_categories_post":"1","imic_category_to_show_on_home":["59"],"imic_number_of_post_cat":[],"imic_upcoming_area":"1","imic_latest_sermon_events_to_show_on":"letest_event","imic_custom_text_message":"","imic_advanced_event_taxonomy":[],"imic_going_on_events":"1","imic_custom_going_on_events_title":"","imic_advanced_sermons_category":[],"imic_all_event_sermon_url":"","imic_imic_featured_blocks":"1","imic_home_featured_blocks":"","imic_home_row_featured_blocks":[],"imic_home_featured_blocks1":"","imic_home_featured_blocks2":"","imic_home_featured_blocks3":"","imic_imic_upcoming_events":"1","imic_upcoming_event_taxonomy":[],"imic_custom_upcoming_events_title":"","imic_events_to_show_on":"","imic_imic_recent_posts":"1","imic_recent_post_taxonomy":[],"imic_custom_latest_news_title":"","imic_posts_to_show_on":"","imic_recent_posts_rmbutton":"2","imic_recent_posts_rmbutton_text":"","imic_imic_galleries":"1","imic_home_gallery_taxonomy":[],"imic_custom_gallery_title":"","imic_custom_more_galleries_title":"","imic_custom_more_galleries_url":"","imic_galleries_to_show_on":"","imic_galleries_background_image":[],"imic_switch_sermon_album":"1","imic_custom_albums_title":"","imic_number_of_sermon_albums":"","imic_sermon_albums_url":"","imic_gallery_pagination_to_show_on":"","imic_gallery_pagination_columns_layout":"","imic_show_gallery_title":"0","imic_gallery_masonry_to_show_on":"","imic_show_gallery_title_masonry":"0","imic_gallery_filter_columns_layout":"","imic_show_gallery_title_filter":"0","imic_advanced_gallery_taxonomy":[],"imic_advanced_event_list_taxonomy":[],"imic_advanced_post_taxonomy":[],"imic_advanced_blog_taxonomy":[],"imic_staff_to_show_on":"","imic_staff_grid_column":"","imic_advanced_staff_taxonomy":[],"imic_staff_select_orderby":"ID","imic_staff_select_order":"","imic_staff_excerpt_length":"","imic_events_timeline_view":"","imic_event_timeline_per_page":"","imic_blog_masonry_thumbnails":"0","imic_albums_select_orderby":"count","imic_albums_select_order":"ASC","imic_sermon_categories_custom_order":[]},"_links":{"self":[{"href":"https:\/\/www.descolonizacion.org\/pt-br\/wp-json\/wp\/v2\/pages\/3443","targetHints":{"allow":["GET"]}}],"collection":[{"href":"https:\/\/www.descolonizacion.org\/pt-br\/wp-json\/wp\/v2\/pages"}],"about":[{"href":"https:\/\/www.descolonizacion.org\/pt-br\/wp-json\/wp\/v2\/types\/page"}],"author":[{"embeddable":true,"href":"https:\/\/www.descolonizacion.org\/pt-br\/wp-json\/wp\/v2\/users\/1"}],"replies":[{"embeddable":true,"href":"https:\/\/www.descolonizacion.org\/pt-br\/wp-json\/wp\/v2\/comments?post=3443"}],"version-history":[{"count":1,"href":"https:\/\/www.descolonizacion.org\/pt-br\/wp-json\/wp\/v2\/pages\/3443\/revisions"}],"predecessor-version":[{"id":3444,"href":"https:\/\/www.descolonizacion.org\/pt-br\/wp-json\/wp\/v2\/pages\/3443\/revisions\/3444"}],"wp:featuredmedia":[{"embeddable":true,"href":"https:\/\/www.descolonizacion.org\/pt-br\/wp-json\/wp\/v2\/media\/3434"}],"wp:attachment":[{"href":"https:\/\/www.descolonizacion.org\/pt-br\/wp-json\/wp\/v2\/media?parent=3443"}],"curies":[{"name":"wp","href":"https:\/\/api.w.org\/{rel}","templated":true}]}}