{"id":3521,"date":"2018-04-09T14:23:40","date_gmt":"2018-04-09T19:23:40","guid":{"rendered":"http:\/\/www.descolonizacion.org\/fr\/?page_id=3521"},"modified":"2018-04-09T14:30:58","modified_gmt":"2018-04-09T19:30:58","slug":"latinos","status":"publish","type":"page","link":"https:\/\/www.descolonizacion.org\/fr\/latinos\/","title":{"rendered":"Latinos?"},"content":{"rendered":"<ul>\n<h2>La d\u00e9colonisation ne saurait \u00eatre engag\u00e9e sans un changement des noms, en premier lieu de l\u2019outrancier et doublement colonial : <em>AMERIQUE LATINE<\/em> <\/p>\n<h2><\/p>\n<h3> <strong>Lancement officiel de la campagne: La Paz, Bolivie, f\u00e9vrier 2017 (71 ah) <\/strong> <\/h3>\n<p>&nbsp;<\/ul>\n<ul>\n<li style=\"display:inline;\"><img decoding=\"async\" src=\"http:\/\/www.descolonizacion.org\/wp-content\/uploads\/2016\/09\/mexico-girl-891452_1280-copy.jpg\" alt=\"LAtino ?\" class=\"alignright\" \/>\n<p><h5>Ali\u00e9nation culturelle<\/h5>\n<p>L\u2019une des expressions directes et partout perceptible de l\u2019ali\u00e9nation culturelle de ce continent tient en un mot et ses d\u00e9riv\u00e9s : le fameux \u00ab <strong>latino<\/strong> \u00bb qui rel\u00e8ve d\u2019une stupidit\u00e9 outranci\u00e8re, car enfin ; comment d\u00e9signer des descendants d\u2019Incas, d\u2019Azt\u00e8ques, de Mapuches, d\u2019esclaves africains, etc. de \u00ab latins \u00bb ?   <!--more--><\/p>\n<\/li>\n<p><\/p>\n<li style=\"display:inline;\">\n<p> Cette expression qui est de surcro\u00eet cr\u00e2nement utilis\u00e9e par les autochtones illustre dans quel <strong>\u00e9tat d\u2019abrutissement<\/strong> se trouve une bonne partie des populations, chez qui l\u2019amn\u00e9sie rivalise avec l\u2019ignorance.  <\/p>\n<\/li>\n<p><\/p>\n<li style=\"display:inline;\">\n<p> Comment peut-on revendiquer, chez soi et ailleurs, une similitude culturelle avec une population aussi \u00e9trang\u00e8re et lointaine que les Latins ? Qu\u2019y-at-il de latin dans la Cordill\u00e8res des Andes, la for\u00eat amazonienne, la Sierra Madre ou les Cara\u00efbes ? <\/p>\n<\/li>\n<p>&nbsp;<\/p>\n<p>&nbsp;<\/p>\n<li style=\"display:inline;\">\n<p><h5>Origine des Latins<\/h5>\n<p><img decoding=\"async\" class=\"alignleft\" src=\"http:\/\/www.descolonizacion.org\/wp-content\/uploads\/2016\/09\/italy-latium-4thc-bce350.jpg\" alt=\"Italy-latium\" \/>Les Latins, rappelons-le, viennent de la r\u00e9gion du <strong>Latium<\/strong> [carte du Latium en annexe], aujourd\u2019hui encore province italienne du Lazio, qui entoure Rome et dont l\u2019expansion, qui est celle de l\u2019Empire Romain, n\u2019est jamais all\u00e9e au-del\u00e0 des c\u00f4tes atlantiques de l\u2019Europe. Alors pourquoi de l\u2019autre c\u00f4t\u00e9 de cet oc\u00e9an, les peuples se revendiqueraient descendants du Latium ? A la rigueur les Italo-am\u00e9ricains, o\u00f9 qu\u2019ils soient ont une l\u00e9gitimit\u00e9 \u00e0 s\u2019appeler des Latins, mais les autres ? Parce qu\u2019ils parlent des langues latines ? Dans ce cas, le Qu\u00e9bec ne ferait-il pas partie de l\u2019Am\u00e9rique Latine ? Parce qu\u2019ils sont (ou \u00e9taient) de confession catholique romaine apostolique, ou autrement dit; de rite latin ? Alors un catholique irlandais ou polonais install\u00e9 dans le New Jersey ne serait-il pas un Latino-Am\u00e9ricain, et \u00e0 l\u2019inverse un P\u00e9ruvien ou Panam\u00e9en converti au pentec\u00f4tisme ou pratiquant des religions ancestrales ne cesserait-il pas d\u2019\u00eatre \u00ab latin \u00bb ? <\/p>\n<\/li>\n<p><\/p>\n<li style=\"display:inline;\">\n<p> On le voit, tout cela illustre une <strong>incommensurable confusion mentale<\/strong> dans le plus grand m\u00e9pris de l\u2019histoire, de la g\u00e9ographie, de la rigueur intellectuelle et pr\u00e9cision conceptuelle, sans parler d\u2019une forme d\u2019irrespect vis-\u00e0-vis des anc\u00eatres. Une campagne de d\u00e9colonisation digne de ce nom ne saurait donc s\u2019entreprendre sans cette \u00e9tape pr\u00e9liminaire essentielle : celle de <strong>la prise de conscience de l\u2019inadaptation des termes d\u00e9riv\u00e9s du radical \u00ab latin \u00bb ; Am\u00e9rique Latine, latino, espa\u00f1ol latino<\/strong> (l\u2019espagnol parl\u00e9 en Am\u00e9rique et on atteint l\u00e0 l\u2019aberration!) en r\u00e9f\u00e9rence aux populations de ce continent, et leur \u00e9radication du langage commun et des usages officiels.<\/p>\n<\/li>\n<p><\/p>\n<li style=\"display:inline;\">\n<p> Nous promouvrons donc une campagne qui ira au-del\u00e0 de la simple sensibilisation \u00e0 cette question, puisque nous proposerons que les autorit\u00e9s diverses et comp\u00e9tentes qui sont aptes \u00e0 \u00e9carter ce vocable non seulement absurde mais doublement colonial, puisqu\u2019il r\u00e9unit le pr\u00e9nom d\u2019un navigateur italien; <strong>Amerigo (Vespucci) \u00e0 l\u2019\u00e9pith\u00e8te latin<\/strong>, se concertent, r\u00e9unissent et proposent un nouveau nom pour le continent, de pr\u00e9f\u00e9rence associ\u00e9 \u00e0 une ou plusieurs langues autochtones, sachant qu\u2019elles sont nombreuses et qu\u2019un compromis devra \u00eatre forc\u00e9ment n\u00e9goci\u00e9 entre des peuples divers et en m\u00eame temps engag\u00e9s dans une destin\u00e9e commune. <\/p>\n<\/li>\n<p>&nbsp;<\/p>\n<li style=\"display:inline;\">\n<p><h5>Ixachitlan, Tawantinsuyo et Abya Yala<\/h5>\n<p><img decoding=\"async\" src=\"http:\/\/www.descolonizacion.org\/wp-content\/uploads\/2016\/09\/ixachitlan.jpg\" alt=\"ixachitlan\" class=\"alignleft\" \/>Proposer <strong>Ixachitlan<\/strong> ou <strong>Tawantinsuyo<\/strong> serait facile mais risquerait de cr\u00e9er une nouvelle forme de d\u00e9s\u00e9quilibre, cette fois-ci interne. On pourrait recourir \u00e0 un n\u00e9ologisme, un acronyme ou anthropotoponyme (nom de lieu d\u00e9riv\u00e9 de celui d\u2019une personne, d\u2019un personnage historique, d\u2019un dieu, d\u2019un sage, d\u2019un lib\u00e9rateur ou d\u2019une repr\u00e9sentation mythique ou imagin\u00e9e &#8211; pourquoi pas f\u00e9minine ? cf Pachamama ou dans un autre registre ; Mariane, Lorelei, etc &#8211; qui insinue et avive l\u2019essence r\u00e9elle ou commun\u00e9ment d\u00e9sir\u00e9e du continent (exemples d\u2019anthropotoponymes, \u00e0 bon escient ; Bolivie\/Simon Bolivar ou mauvais escient ; Colombie\/Christophe Colomb) qui satisfasse toutes les parties, qui malgr\u00e9 les divergences pr\u00e9visibles, pourraient s\u2019accorder dans une forme d\u2019unanimit\u00e9 si elles contemplent l\u2019objectif \u00e0 sa juste ampleur. L\u2019esprit de coop\u00e9ration et de bonne foi qui auront pr\u00e9sid\u00e9 au choix de ce nom constitueront alors un socle appr\u00e9ciable pour engager le processus de d\u00e9colonisation et de reconstitution cons\u00e9quente de ce continent.<\/p>\n<\/li>\n<p>&nbsp;<\/p>\n<li style=\"display:inline;\">\n<table>\n<tr>\n<td>&nbsp;&nbsp;&nbsp;&nbsp;&nbsp;&nbsp;&nbsp;&nbsp;&nbsp;&nbsp;&nbsp;&nbsp;&nbsp;&nbsp;&nbsp;&nbsp;&nbsp;&nbsp;&nbsp;<\/td>\n<td><img decoding=\"async\" src=\"http:\/\/www.descolonizacion.org\/wp-content\/uploads\/2016\/09\/photo-Abya-Yala.jpg\" alt=\"Abya-Yala\" class=\"alignleft\" \/><\/td>\n<td>&nbsp;&nbsp;<\/td>\n<td>\n<p>Ces derniers temps, Abya Yala b\u00e9n\u00e9ficie d\u2019une forme de reconnaissance croissante<br \/>.  <\/p>\n<\/li>\n<\/td>\n<\/tr>\n<\/table>\n<p>&nbsp;<\/p>\n<p>&nbsp;<\/p>\n<p>&nbsp;   <\/ul>\n","protected":false},"excerpt":{"rendered":"<p>La d\u00e9colonisation ne saurait \u00eatre engag\u00e9e sans un changement des noms, en premier lieu de l\u2019outrancier et doublement colonial : AMERIQUE LATINE Lancement officiel de [&hellip;]<\/p>\n","protected":false},"author":1,"featured_media":0,"parent":0,"menu_order":0,"comment_status":"closed","ping_status":"closed","template":"","meta":{"footnotes":""},"class_list":["post-3521","page","type-page","status-publish","hentry"],"meta_box":{"imic_strict_no_header":"","imic_page_topbar_show":"","imic_page_specific_header":"","imic_page_logo_image":[],"imic_page_retina_logo_image":[],"imic_page_retina_logo_image_width":"","imic_page_retina_logo_image_height":"","imic_page_layout":"","imic_content_width":"","imic_content_padding_top":"","imic_content_padding_bottom":"","imic_pages_body_bg_color":"","imic_pages_body_bg_image":[],"imic_pages_body_bg_wide":"","imic_pages_body_bg_repeat":"","imic_pages_content_bg_color":"","imic_pages_content_bg_image":[],"imic_pages_content_bg_wide":"","imic_pages_content_bg_repeat":"","imic_page_header_show":"","imic_pages_Choose_slider_display":"0","imic_header_image":[{"width":150,"height":150,"file":"2016\/09\/Menu-Objectifs-F.jpg","filesize":77580,"sizes":{"woocommerce_thumbnail":{"file":"Menu-Objectifs-F-300x150.jpg","width":300,"height":150,"mime-type":"image\/jpeg","filesize":15400,"uncropped":false,"url":"https:\/\/www.descolonizacion.org\/wp-content\/uploads\/2016\/09\/Menu-Objectifs-F-300x150.jpg"},"woocommerce_gallery_thumbnail":{"file":"Menu-Objectifs-F-100x100.jpg","width":100,"height":100,"mime-type":"image\/jpeg","filesize":3442,"url":"https:\/\/www.descolonizacion.org\/wp-content\/uploads\/2016\/09\/Menu-Objectifs-F-100x100.jpg"},"woocommerce_single":{"file":"Menu-Objectifs-F-600x82.jpg","width":600,"height":82,"mime-type":"image\/jpeg","filesize":16168,"url":"https:\/\/www.descolonizacion.org\/wp-content\/uploads\/2016\/09\/Menu-Objectifs-F-600x82.jpg"},"thumbnail":{"file":"Menu-Objectifs-F-150x150.jpg","width":150,"height":150,"mime-type":"image\/jpeg","url":"https:\/\/www.descolonizacion.org\/wp-content\/uploads\/2016\/09\/Menu-Objectifs-F-150x150.jpg"},"medium":{"file":"Menu-Objectifs-F-300x41.jpg","width":300,"height":41,"mime-type":"image\/jpeg","url":"https:\/\/www.descolonizacion.org\/wp-content\/uploads\/2016\/09\/Menu-Objectifs-F-300x41.jpg"},"medium_large":{"file":"Menu-Objectifs-F-768x105.jpg","width":768,"height":105,"mime-type":"image\/jpeg","url":"https:\/\/www.descolonizacion.org\/wp-content\/uploads\/2016\/09\/Menu-Objectifs-F-768x105.jpg"},"large":{"file":"Menu-Objectifs-F-1024x140.jpg","width":1024,"height":140,"mime-type":"image\/jpeg","url":"https:\/\/www.descolonizacion.org\/wp-content\/uploads\/2016\/09\/Menu-Objectifs-F-1024x140.jpg"},"post-thumbnail":{"file":"Menu-Objectifs-F-958x131.jpg","width":958,"height":131,"mime-type":"image\/jpeg","url":"https:\/\/www.descolonizacion.org\/wp-content\/uploads\/2016\/09\/Menu-Objectifs-F-958x131.jpg"},"600x400":{"file":"Menu-Objectifs-F-600x150.jpg","width":600,"height":150,"mime-type":"image\/jpeg","url":"https:\/\/www.descolonizacion.org\/wp-content\/uploads\/2016\/09\/Menu-Objectifs-F-600x150.jpg"},"1000x800":{"file":"Menu-Objectifs-F-1000x150.jpg","width":1000,"height":150,"mime-type":"image\/jpeg","url":"https:\/\/www.descolonizacion.org\/wp-content\/uploads\/2016\/09\/Menu-Objectifs-F-1000x150.jpg"},"sow-carousel-default":{"file":"Menu-Objectifs-F-272x150.jpg","width":272,"height":150,"mime-type":"image\/jpeg","url":"https:\/\/www.descolonizacion.org\/wp-content\/uploads\/2016\/09\/Menu-Objectifs-F-272x150.jpg"}},"image_meta":{"aperture":"0","credit":"","camera":"","caption":"","created_timestamp":"0","copyright":"","focal_length":"0","iso":"0","shutter_speed":"0","title":"","orientation":"0","keywords":[]},"ID":"2830","name":"Menu-Objectifs-F.jpg","path":"\/home2\/descolinizacion\/public_html\/wp-content\/uploads\/2016\/09\/Menu-Objectifs-F.jpg","url":"https:\/\/www.descolonizacion.org\/wp-content\/uploads\/2016\/09\/Menu-Objectifs-F-150x150.jpg","full_url":"https:\/\/www.descolonizacion.org\/wp-content\/uploads\/2016\/09\/Menu-Objectifs-F.jpg","title":"menu-objectifs-f","caption":"","description":"","alt":"","srcset":"https:\/\/www.descolonizacion.org\/wp-content\/uploads\/2016\/09\/Menu-Objectifs-F-150x150.jpg 150w, https:\/\/www.descolonizacion.org\/wp-content\/uploads\/2016\/09\/Menu-Objectifs-F-100x100.jpg 100w"}],"imic_pages_select_revolution_from_list":"[rev_slider alias=\\\"home-french\\\"]","imic_pages_select_smart_from_list":"","imic_pages_slider_height":"","imic_pages_slider_image":[],"imic_pages_slider_auto_slide":"yes","imic_pages_slider_speed":"","imic_pages_slider_pagination":"yes","imic_pages_slider_direction_arrows":"yes","imic_pages_slider_effects":"fade","imic_pages_banner_color":"","imic_pages_breadcrumb_show":"","imic_pages_title_show":"","imic_pages_banner_bg_color":"","imic_post_page_custom_title":"","imic_pages_banner_text_color":"","imic_pages_title_alignment":"","imic_page_social_share":"","imic_select_sidebar_from_list":"","imic_select_sidebar_position":"","imic_contact_email":"lolohim@gmail.com","imic_contact_subject":"","imic_our_location_text":"","imic_contact_map_display":"no","imic_contact_map_box_code":"","imic_Choose_slider_display":"0","imic_select_smart_from_list":"","imic_select_revolution_from_list":"[rev_slider alias=\\\"home-french\\\"]","imic_slider_image":[],"imic_slider_auto_slide":"yes","imic_slider_speed":"","imic_slider_pagination":"yes","imic_slider_direction_arrows":"yes","imic_slider_effects":"fade","imic_switch_categories_post":"1","imic_category_to_show_on_home":["82"],"imic_number_of_post_cat":[],"imic_upcoming_area":"1","imic_latest_sermon_events_to_show_on":"letest_event","imic_custom_text_message":"","imic_advanced_event_taxonomy":[],"imic_going_on_events":"1","imic_custom_going_on_events_title":"","imic_advanced_sermons_category":[],"imic_all_event_sermon_url":"","imic_imic_featured_blocks":"1","imic_home_featured_blocks":"","imic_home_row_featured_blocks":[],"imic_home_featured_blocks1":"","imic_home_featured_blocks2":"","imic_home_featured_blocks3":"","imic_imic_upcoming_events":"1","imic_upcoming_event_taxonomy":[],"imic_custom_upcoming_events_title":"","imic_events_to_show_on":"","imic_imic_recent_posts":"1","imic_recent_post_taxonomy":[],"imic_custom_latest_news_title":"","imic_posts_to_show_on":"","imic_recent_posts_rmbutton":"2","imic_recent_posts_rmbutton_text":"","imic_imic_galleries":"1","imic_home_gallery_taxonomy":[],"imic_custom_gallery_title":"","imic_custom_more_galleries_title":"","imic_custom_more_galleries_url":"","imic_galleries_to_show_on":"","imic_galleries_background_image":[],"imic_switch_sermon_album":"1","imic_custom_albums_title":"","imic_number_of_sermon_albums":"","imic_sermon_albums_url":"","imic_gallery_pagination_to_show_on":"","imic_gallery_pagination_columns_layout":"","imic_show_gallery_title":"0","imic_gallery_masonry_to_show_on":"","imic_show_gallery_title_masonry":"0","imic_gallery_filter_columns_layout":"","imic_show_gallery_title_filter":"0","imic_advanced_gallery_taxonomy":[],"imic_advanced_event_list_taxonomy":[],"imic_advanced_post_taxonomy":[],"imic_advanced_blog_taxonomy":[],"imic_staff_to_show_on":"","imic_staff_grid_column":"","imic_advanced_staff_taxonomy":[],"imic_staff_select_orderby":"ID","imic_staff_select_order":"","imic_staff_excerpt_length":"","imic_events_timeline_view":"","imic_event_timeline_per_page":"","imic_blog_masonry_thumbnails":"0","imic_albums_select_orderby":"count","imic_albums_select_order":"ASC","imic_sermon_categories_custom_order":[]},"_links":{"self":[{"href":"https:\/\/www.descolonizacion.org\/fr\/wp-json\/wp\/v2\/pages\/3521","targetHints":{"allow":["GET"]}}],"collection":[{"href":"https:\/\/www.descolonizacion.org\/fr\/wp-json\/wp\/v2\/pages"}],"about":[{"href":"https:\/\/www.descolonizacion.org\/fr\/wp-json\/wp\/v2\/types\/page"}],"author":[{"embeddable":true,"href":"https:\/\/www.descolonizacion.org\/fr\/wp-json\/wp\/v2\/users\/1"}],"replies":[{"embeddable":true,"href":"https:\/\/www.descolonizacion.org\/fr\/wp-json\/wp\/v2\/comments?post=3521"}],"version-history":[{"count":1,"href":"https:\/\/www.descolonizacion.org\/fr\/wp-json\/wp\/v2\/pages\/3521\/revisions"}],"predecessor-version":[{"id":3522,"href":"https:\/\/www.descolonizacion.org\/fr\/wp-json\/wp\/v2\/pages\/3521\/revisions\/3522"}],"wp:attachment":[{"href":"https:\/\/www.descolonizacion.org\/fr\/wp-json\/wp\/v2\/media?parent=3521"}],"curies":[{"name":"wp","href":"https:\/\/api.w.org\/{rel}","templated":true}]}}