{"id":1561,"date":"2016-09-17T20:19:03","date_gmt":"2016-09-18T01:19:03","guid":{"rendered":"http:\/\/www.descolonizacion.org\/fr\/?page_id=1561"},"modified":"2018-04-09T14:30:59","modified_gmt":"2018-04-09T19:30:59","slug":"qui","status":"publish","type":"page","link":"https:\/\/www.descolonizacion.org\/fr\/qui\/","title":{"rendered":"Qui sommes-nous?"},"content":{"rendered":"<ul>\n<h2>Qui sommes-nous?<\/h2>\n<h3><\/h3>\n<\/ul>\n<li>\n<p><strong>Descolonizacion<\/strong> \u00e9mane de la sourde source de la libert\u00e9 qui monte depuis les peuples opprim\u00e9s, avant que n\u2019\u00e9mane l\u2019imminent appel \u00e0 la lutte.<\/p>\n<\/li>\n<p>&nbsp;<\/p>\n<li><img decoding=\"async\" src=\"http:\/\/www.descolonizacion.org\/wp-content\/uploads\/2016\/09\/Descolonizacion-Logo-Separate-b-220.png\" alt=\"Descolonizacion\" class=\"alignleft\" \/>\n<p><strong>Descolonizacion <\/strong>\u00a0est un appel aux personnes, aux peuples, \u00e0 tous ceux qui seuls ou d\u00e9j\u00e0 ensemble souhaitent s\u2019engager sur la voie de l\u2019\u00e9mancipation d\u2019un continent qui ne pourra se relever que lorsque son \u00e9lan vital l\u2019arrachera \u00e0 la pesanteur puante de son fardeau colonial. Il faudra pour cela bien plus que de la bonne volont\u00e9, et pourtant rien ne se fera sans elle. Alors, h\u00e9rauts de la libert\u00e9 pour qui rien n\u2019est plus cher que l\u2019authenticit\u00e9 de l\u2019\u00eatre retrouv\u00e9 qui jouit de sa splendeur innocente, unissez-vous, unissons-nous et rompons les cha\u00eenes qui martyrisent les chairs et les c\u0153urs d\u2019un demi mill\u00e9naire de peines.<!--more--><\/p>\n<\/li>\n<li>\n<p><strong>Descolonizacion<\/strong> c\u2019est vous, c\u2019est nous tous qui sommes las, tellement las de ce que doivent endurer les peuples de ce continent, et tous les peuples colonis\u00e9s et brutalis\u00e9s par des puissances imp\u00e9tueuses et invasives. Brisons-les une fois pour toutes\u00a0!<\/p>\n<\/li>\n<li>\n<p><a href=\"http:\/\/fr.rael.org\/home\" target=\"_blank\">L\u2019instigateur de ce projet est Ra\u00ebl, fondateur du Mouvement Ra\u00e9lien<\/a>. Il offre une philosophie, un mode d\u2019emploi, une inspiration. La paix est Sa boussole, Son \u00e9toile ultime, et pour que paix il y ait, les humains doivent se regarder, s\u2019aimer, se prendre par la main et faire le m\u00e9nage. Nous avons derri\u00e8re nous des tonnes de d\u00e9chets. Il est temps de les recycler.<\/p>\n<\/li>\n<li>\n<p><strong>Descolonization <\/strong>prend part au m\u00e9canisme qui se doit de d\u00e9contaminer ce continent et nous ne serons pas de trop tous ensemble !<\/p>\n<\/li>\n<p>&nbsp;<\/p>\n<p>&nbsp;<\/p>\n<li>\n<p><img decoding=\"async\" src=\"http:\/\/www.descolonizacion.org\/wp-content\/uploads\/2016\/09\/Origine-raeliens-raelians-raelianos-200.jpg\" alt=\"Origine-raeliens-raelians-raelianos\" class=\"alignright\" \/> <\/p>\n<h5>Qui sont les ra\u00e9liens\u00a0?<\/h5>\n<ul>\n<ul>\n \t <a href=\"http:\/\/fr.rael.org\/home\" target=\"_blank\">Le Mouvement Ra\u00e9lien<\/a> est une organisation spirituelle et ath\u00e9e qui pr\u00f4ne l\u2019av\u00e8nement d\u2019une \u00e8re de paix perp\u00e9tuelle gr\u00e2ce au bon usage des sciences et des techniques et \u00e0 la pratique d&#8217;une spiritualit\u00e9 d\u00e9mystifi\u00e9e et non dogmatique. <br \/>&nbsp;<\/p>\n<p> \tLa vie n&#8217;appara\u00eet pas mais se propage par le biais de la science et des techniques avanc\u00e9es, suivant les vecteurs de vie que sont les civilisations adultes et pacifi\u00e9es, \u00e0 l&#8217;image de celle qui apporta la vie sur Terre et l&#8217;adapta avec gaiet\u00e9 et cr\u00e9ativit\u00e9 aux conditions locales.<br \/>&nbsp;<\/p>\n<p> \tAinsi l\u2019humanit\u00e9 n\u2019est pas apparue suite \u00e0 sa cr\u00e9ation par un ou plusieurs dieux d\u00e9miurges, ou par une \u00e9volution s\u2019\u00e9chafaudant suivant des mutations al\u00e9atoires, mais est le r\u00e9sultat d\u2019une combinaison de ces deux explications communes.<\/p>\n<\/li>\n<\/ul>\n<\/ul>\n<p>&nbsp;<\/p>\n<ul>\n<ul>\n<li>\n<p><img decoding=\"async\" class=\"alignleft\" src=\"http:\/\/www.descolonizacion.org\/wp-content\/uploads\/2016\/09\/raelians-raeliens-raelianos.jpg\" alt=\"raelians-raeliens-raelianos\" \/> En d\u2019autres termes\u00a0: toute la vie sur Terre a bien \u00e9t\u00e9 cr\u00e9\u00e9e, mais scientifiquement et non pas par des actes relevant du surnaturel. \u00c9volution il y a eu dans le sens o\u00f9 cette cr\u00e9ation est l\u2019\u0153uvre de scientifiques venus d\u2019une autre plan\u00e8te dont le travail de laboratoire s\u2019est fait non pas en quelques jours mais sur une p\u00e9riode de plusieurs mill\u00e9naires, suivant leurs capacit\u00e9s et progr\u00e8s \u00e0 inventer et implanter des formes de vie. Ceux-ci apparaissent dans la Bible sous le nom pluriel Elohim, qui veut dire en h\u00e9breu ancien\u00a0; \u00ab\u00a0Ceux qui sont venus du ciel\u00a0\u00bb et sont appel\u00e9s autrement dans les r\u00e9cits cr\u00e9ationnistes que l\u2019on retrouve, simplifi\u00e9s, d\u00e9form\u00e9s et mystifi\u00e9s, chez tous les peuples de la Terre &#8211; et d\u00e9daigneusement qualifi\u00e9s de mythes par les sciences anthropologiques &#8211; . Les versions propres aux grandes civilisations pr\u00e9colombiennes, en particulier celles des Andes et d\u2019Am\u00e9rique Centrale, sont des plus remarquables et r\u00e9v\u00e9latrices.<\/p>\n<\/li>\n<\/ul>\n<\/ul>\n<p>&nbsp;<\/p>\n<ul>\n<ul>\n<li>\n<p> <a href=\"http:\/\/fr.rael.org\/download.php?view.8\" target=\"_blank\"><img decoding=\"async\" class=\"alignright\" src=\"http:\/\/www.descolonizacion.org\/wp-content\/uploads\/2016\/09\/raeliens-raelianos-raelians-150.jpg\" alt=\"raeliens-raelians-raelianos\" \/><\/a> Les humanit\u00e9s, dans l\u2019univers infini, se reproduisent, grandissent et arrivent aux portes de leur r\u00e9alisation adulte, lorsqu\u2019elles parviennent \u00e0 maitriser la science tel que nous le faisons \u00e0 ce stade de notre propre \u00e9volution, avec l\u2019option de se d\u00e9truire ou celle d\u2019abandonner les impulsions barbares et primitives.<\/p>\n<li>\n<p>Le Mouvement Ra\u00e9lien existe dans 100 pays et regroupe, \u00e0 ce jour, quelques 120 000 membres. Il a \u00e9t\u00e9 fond\u00e9 en 1973 par Ra\u00ebl suite \u00e0 un contact avec un repr\u00e9sentant de la civilisation extraterrestre qui a apport\u00e9 la vie sur \u00ab notre \u00bb plan\u00e8te. Depuis, Ra\u00ebl et le mouvement qu\u2019il a cr\u00e9\u00e9 s\u2019\u00e9vertuent \u00e0 <a href=\"http:\/\/fr.rael.org\/download.php?view.8\" target=\"_blank\">transmettre cette information aux habitants de le Terre <\/a>et \u00e0 amener des conditions de paix, et de fraternit\u00e9, dans un souci de justice et de progr\u00e8s.<\/p>\n<\/li>\n<\/ul>\n<\/ul>\n<p>&nbsp;<\/p>\n<ul>\n<ul>\n<li>\n<p>Il peut \u00eatre envisageable et coh\u00e9rent d\u2019adh\u00e9rer \u00e0 un ou plusieurs des projets et actions humanitaires impuls\u00e9s par le Mouvement Ra\u00e9lien International sans obligatoirement partager les id\u00e9es ra\u00e9liennes quant \u00e0 l&#8217;origine de la vie sur Terre.<\/p>\n<\/li>\n<\/ul>\n<\/ul>\n<p>&nbsp;<\/p>\n<ul>\n<ul>\n<li>\n<p>Certaines des initiatives lanc\u00e9es par Ra\u00ebl sont d\u2019ailleurs aujourd\u2019hui port\u00e9es et encadr\u00e9es par des personnes non ra\u00e9liennes (voir <a href=\"http:\/\/fr.rael.org\/e107_plugins\/links_page\/links.php?cat.1\" target=\"_blank\">rael.org<\/a>). Il en va de m\u00eame pour cette campagne de d\u00e9colonisation du continent \u00ab latino-am\u00e9ricain \u00bb, que nous lan\u00e7ons avec la volont\u00e9 que d\u2019autres s\u2019en inspirent et portent le flambeau d\u2019une authentique lib\u00e9ration et \u00e9mancipation de ce continent martyr.<\/p>\n<h5>Voici <a href=\"https:\/\/www.youtube.com\/watch?v=NkCY1LV_8ek\" target=\"_blank\">un clip vid\u00e9o<\/a> sur une rencontre ra\u00e9lienne au P\u00e9rou (2015).<\/h5>\n<p>&nbsp;<\/p>\n<p><a href=\"https:\/\/www.youtube.com\/watch?v=NkCY1LV_8ek\" target=\"_blank\" target=\"_blank\"><img decoding=\"async\" class=\"aligncenter\" src=\"http:\/\/www.descolonizacion.org\/wp-content\/uploads\/2014\/02\/raelianos-meditacion-600.jpg\" alt=\"meditacion\" width=\"500\" \/><\/a><\/p>\n<\/li>\n<\/ul>\n<\/ul>\n<p>&nbsp;<\/p>\n","protected":false},"excerpt":{"rendered":"<p>Qui sommes-nous? Descolonizacion \u00e9mane de la sourde source de la libert\u00e9 qui monte depuis les peuples opprim\u00e9s, avant que n\u2019\u00e9mane l\u2019imminent appel \u00e0 la lutte. [&hellip;]<\/p>\n","protected":false},"author":1,"featured_media":0,"parent":0,"menu_order":0,"comment_status":"closed","ping_status":"closed","template":"","meta":{"footnotes":""},"class_list":["post-1561","page","type-page","status-publish","hentry"],"meta_box":{"imic_strict_no_header":"","imic_page_topbar_show":"","imic_page_specific_header":"","imic_page_logo_image":[],"imic_page_retina_logo_image":[],"imic_page_retina_logo_image_width":"","imic_page_retina_logo_image_height":"","imic_page_layout":"","imic_content_width":"","imic_content_padding_top":"","imic_content_padding_bottom":"","imic_pages_body_bg_color":"","imic_pages_body_bg_image":[],"imic_pages_body_bg_wide":"","imic_pages_body_bg_repeat":"","imic_pages_content_bg_color":"","imic_pages_content_bg_image":[],"imic_pages_content_bg_wide":"","imic_pages_content_bg_repeat":"","imic_page_header_show":"","imic_pages_Choose_slider_display":"0","imic_header_image":[{"width":150,"height":150,"file":"2016\/09\/Menu-A-Propos-F.jpg","filesize":78028,"sizes":{"woocommerce_thumbnail":{"file":"Menu-A-Propos-F-300x150.jpg","width":300,"height":150,"mime-type":"image\/jpeg","filesize":15492,"uncropped":false,"url":"https:\/\/www.descolonizacion.org\/wp-content\/uploads\/2016\/09\/Menu-A-Propos-F-300x150.jpg"},"woocommerce_gallery_thumbnail":{"file":"Menu-A-Propos-F-100x100.jpg","width":100,"height":100,"mime-type":"image\/jpeg","filesize":3432,"url":"https:\/\/www.descolonizacion.org\/wp-content\/uploads\/2016\/09\/Menu-A-Propos-F-100x100.jpg"},"woocommerce_single":{"file":"Menu-A-Propos-F-600x82.jpg","width":600,"height":82,"mime-type":"image\/jpeg","filesize":16166,"url":"https:\/\/www.descolonizacion.org\/wp-content\/uploads\/2016\/09\/Menu-A-Propos-F-600x82.jpg"},"thumbnail":{"file":"Menu-A-Propos-F-150x150.jpg","width":150,"height":150,"mime-type":"image\/jpeg","url":"https:\/\/www.descolonizacion.org\/wp-content\/uploads\/2016\/09\/Menu-A-Propos-F-150x150.jpg"},"medium":{"file":"Menu-A-Propos-F-300x41.jpg","width":300,"height":41,"mime-type":"image\/jpeg","url":"https:\/\/www.descolonizacion.org\/wp-content\/uploads\/2016\/09\/Menu-A-Propos-F-300x41.jpg"},"medium_large":{"file":"Menu-A-Propos-F-768x105.jpg","width":768,"height":105,"mime-type":"image\/jpeg","url":"https:\/\/www.descolonizacion.org\/wp-content\/uploads\/2016\/09\/Menu-A-Propos-F-768x105.jpg"},"large":{"file":"Menu-A-Propos-F-1024x140.jpg","width":1024,"height":140,"mime-type":"image\/jpeg","url":"https:\/\/www.descolonizacion.org\/wp-content\/uploads\/2016\/09\/Menu-A-Propos-F-1024x140.jpg"},"post-thumbnail":{"file":"Menu-A-Propos-F-958x131.jpg","width":958,"height":131,"mime-type":"image\/jpeg","url":"https:\/\/www.descolonizacion.org\/wp-content\/uploads\/2016\/09\/Menu-A-Propos-F-958x131.jpg"},"600x400":{"file":"Menu-A-Propos-F-600x150.jpg","width":600,"height":150,"mime-type":"image\/jpeg","url":"https:\/\/www.descolonizacion.org\/wp-content\/uploads\/2016\/09\/Menu-A-Propos-F-600x150.jpg"},"1000x800":{"file":"Menu-A-Propos-F-1000x150.jpg","width":1000,"height":150,"mime-type":"image\/jpeg","url":"https:\/\/www.descolonizacion.org\/wp-content\/uploads\/2016\/09\/Menu-A-Propos-F-1000x150.jpg"},"sow-carousel-default":{"file":"Menu-A-Propos-F-272x150.jpg","width":272,"height":150,"mime-type":"image\/jpeg","url":"https:\/\/www.descolonizacion.org\/wp-content\/uploads\/2016\/09\/Menu-A-Propos-F-272x150.jpg"}},"image_meta":{"aperture":"0","credit":"","camera":"","caption":"","created_timestamp":"0","copyright":"","focal_length":"0","iso":"0","shutter_speed":"0","title":"","orientation":"0","keywords":[]},"ID":"2829","name":"Menu-A-Propos-F.jpg","path":"\/home2\/descolinizacion\/public_html\/wp-content\/uploads\/2016\/09\/Menu-A-Propos-F.jpg","url":"https:\/\/www.descolonizacion.org\/wp-content\/uploads\/2016\/09\/Menu-A-Propos-F-150x150.jpg","full_url":"https:\/\/www.descolonizacion.org\/wp-content\/uploads\/2016\/09\/Menu-A-Propos-F.jpg","title":"menu-a-propos-f","caption":"","description":"","alt":"","srcset":"https:\/\/www.descolonizacion.org\/wp-content\/uploads\/2016\/09\/Menu-A-Propos-F-150x150.jpg 150w, https:\/\/www.descolonizacion.org\/wp-content\/uploads\/2016\/09\/Menu-A-Propos-F-100x100.jpg 100w"}],"imic_pages_select_revolution_from_list":"[rev_slider alias=\\\"home-french\\\"]","imic_pages_select_smart_from_list":"","imic_pages_slider_height":"","imic_pages_slider_image":[],"imic_pages_slider_auto_slide":"yes","imic_pages_slider_speed":"","imic_pages_slider_pagination":"yes","imic_pages_slider_direction_arrows":"yes","imic_pages_slider_effects":"fade","imic_pages_banner_color":"","imic_pages_breadcrumb_show":"","imic_pages_title_show":"","imic_pages_banner_bg_color":"","imic_post_page_custom_title":"","imic_pages_banner_text_color":"","imic_pages_title_alignment":"","imic_page_social_share":"","imic_select_sidebar_from_list":"","imic_select_sidebar_position":"","imic_contact_email":"lolohim@gmail.com","imic_contact_subject":"","imic_our_location_text":"","imic_contact_map_display":"no","imic_contact_map_box_code":"","imic_Choose_slider_display":"0","imic_select_smart_from_list":"","imic_select_revolution_from_list":"[rev_slider alias=\\\"home-french\\\"]","imic_slider_image":[],"imic_slider_auto_slide":"yes","imic_slider_speed":"","imic_slider_pagination":"yes","imic_slider_direction_arrows":"yes","imic_slider_effects":"fade","imic_switch_categories_post":"1","imic_category_to_show_on_home":["82"],"imic_number_of_post_cat":[],"imic_upcoming_area":"1","imic_latest_sermon_events_to_show_on":"letest_event","imic_custom_text_message":"","imic_advanced_event_taxonomy":[],"imic_going_on_events":"1","imic_custom_going_on_events_title":"","imic_advanced_sermons_category":[],"imic_all_event_sermon_url":"","imic_imic_featured_blocks":"1","imic_home_featured_blocks":"","imic_home_row_featured_blocks":[],"imic_home_featured_blocks1":"","imic_home_featured_blocks2":"","imic_home_featured_blocks3":"","imic_imic_upcoming_events":"1","imic_upcoming_event_taxonomy":[],"imic_custom_upcoming_events_title":"","imic_events_to_show_on":"","imic_imic_recent_posts":"1","imic_recent_post_taxonomy":[],"imic_custom_latest_news_title":"","imic_posts_to_show_on":"","imic_recent_posts_rmbutton":"2","imic_recent_posts_rmbutton_text":"","imic_imic_galleries":"1","imic_home_gallery_taxonomy":[],"imic_custom_gallery_title":"","imic_custom_more_galleries_title":"","imic_custom_more_galleries_url":"","imic_galleries_to_show_on":"","imic_galleries_background_image":[],"imic_switch_sermon_album":"1","imic_custom_albums_title":"","imic_number_of_sermon_albums":"","imic_sermon_albums_url":"","imic_gallery_pagination_to_show_on":"","imic_gallery_pagination_columns_layout":"","imic_show_gallery_title":"0","imic_gallery_masonry_to_show_on":"","imic_show_gallery_title_masonry":"0","imic_gallery_filter_columns_layout":"","imic_show_gallery_title_filter":"0","imic_advanced_gallery_taxonomy":[],"imic_advanced_event_list_taxonomy":[],"imic_advanced_post_taxonomy":[],"imic_advanced_blog_taxonomy":[],"imic_staff_to_show_on":"","imic_staff_grid_column":"","imic_advanced_staff_taxonomy":[],"imic_staff_select_orderby":"ID","imic_staff_select_order":"","imic_staff_excerpt_length":"","imic_events_timeline_view":"","imic_event_timeline_per_page":"","imic_blog_masonry_thumbnails":"0","imic_albums_select_orderby":"count","imic_albums_select_order":"ASC","imic_sermon_categories_custom_order":[]},"_links":{"self":[{"href":"https:\/\/www.descolonizacion.org\/fr\/wp-json\/wp\/v2\/pages\/1561","targetHints":{"allow":["GET"]}}],"collection":[{"href":"https:\/\/www.descolonizacion.org\/fr\/wp-json\/wp\/v2\/pages"}],"about":[{"href":"https:\/\/www.descolonizacion.org\/fr\/wp-json\/wp\/v2\/types\/page"}],"author":[{"embeddable":true,"href":"https:\/\/www.descolonizacion.org\/fr\/wp-json\/wp\/v2\/users\/1"}],"replies":[{"embeddable":true,"href":"https:\/\/www.descolonizacion.org\/fr\/wp-json\/wp\/v2\/comments?post=1561"}],"version-history":[{"count":39,"href":"https:\/\/www.descolonizacion.org\/fr\/wp-json\/wp\/v2\/pages\/1561\/revisions"}],"predecessor-version":[{"id":3196,"href":"https:\/\/www.descolonizacion.org\/fr\/wp-json\/wp\/v2\/pages\/1561\/revisions\/3196"}],"wp:attachment":[{"href":"https:\/\/www.descolonizacion.org\/fr\/wp-json\/wp\/v2\/media?parent=1561"}],"curies":[{"name":"wp","href":"https:\/\/api.w.org\/{rel}","templated":true}]}}